{"id":45,"date":"2020-11-16T14:40:01","date_gmt":"2020-11-16T13:40:01","guid":{"rendered":"http:\/\/mic.sciencespo-lille.eu\/?page_id=45"},"modified":"2024-12-05T19:03:40","modified_gmt":"2024-12-05T18:03:40","slug":"temoignages-detudiants-et-detudiantes-de-la-majeure-mic","status":"publish","type":"page","link":"https:\/\/mic.sciencespo-lille.eu\/index.php\/temoignages-detudiants-et-detudiantes-de-la-majeure-mic\/","title":{"rendered":"T\u00e9moignages d&rsquo;\u00e9tudiantes et d&rsquo;\u00e9tudiants de la majeure MIC"},"content":{"rendered":"<div class=\"wp-block-image\">\n<figure class=\"aligncenter size-large is-resized\"><img fetchpriority=\"high\" decoding=\"async\" width=\"500\" height=\"500\" src=\"http:\/\/mic.sciencespo-lille.eu\/wp-content\/uploads\/2020\/12\/Temoignages-MIC.png\" alt=\"\" class=\"wp-image-204\" style=\"width:150px;height:150px\" srcset=\"https:\/\/mic.sciencespo-lille.eu\/wp-content\/uploads\/2020\/12\/Temoignages-MIC.png 500w, https:\/\/mic.sciencespo-lille.eu\/wp-content\/uploads\/2020\/12\/Temoignages-MIC-300x300.png 300w, https:\/\/mic.sciencespo-lille.eu\/wp-content\/uploads\/2020\/12\/Temoignages-MIC-150x150.png 150w\" sizes=\"(max-width: 500px) 100vw, 500px\" \/><\/figure><\/div>\n\n\n<figure class=\"wp-block-embed is-type-video is-provider-youtube wp-block-embed-youtube wp-embed-aspect-16-9 wp-has-aspect-ratio\"><div class=\"wp-block-embed__wrapper\">\n<p class=\"responsive-video-wrap clr\"><iframe title=\"Majeure Management des Institutions Culturelles\" width=\"1200\" height=\"675\" src=\"https:\/\/www.youtube.com\/embed\/4jyod8h4OV8?feature=oembed\" frameborder=\"0\" allow=\"accelerometer; autoplay; clipboard-write; encrypted-media; gyroscope; picture-in-picture; web-share\" referrerpolicy=\"strict-origin-when-cross-origin\" allowfullscreen><\/iframe><\/p>\n<\/div><\/figure>\n\n\n\n<hr class=\"wp-block-separator has-text-color has-css-opacity has-background is-style-wide\" style=\"background-color:#e6e6e6;color:#e6e6e6\"\/>\n\n\n\n<p style=\"font-size:18px\"><strong>Sixtine Catrice<\/strong>, \u00e9tudiante en fili\u00e8re g\u00e9n\u00e9rale, promotion 2024 (Gis\u00e8le Halimi)<\/p>\n\n\n\n<blockquote class=\"wp-block-quote is-layout-flow wp-block-quote-is-layout-flow\">\n<p>\u00ab\u00a0Mes deux ann\u00e9es pass\u00e9es au sein du master MIC ont \u00e9t\u00e9 particuli\u00e8rement enrichissantes et \u00e9panouissantes ! D&rsquo;abord parce que nous y avons suivi des cours vari\u00e9s portant sur les diff\u00e9rentes branches du secteur culturel. Ces cours sont dispens\u00e9s, pour la plupart, par des intervenants et intervenantes professionnels du secteur, qui nous transmettent leurs exp\u00e9riences et comp\u00e9tences. Par ailleurs, de nombreux projets professionnalisant ont \u00e9t\u00e9 organis\u00e9s en parall\u00e8le des cours, tels qu&rsquo;une \u00e9tude des publics pour l&rsquo;Op\u00e9ra de Lille, l&rsquo;organisation d&rsquo;un s\u00e9minaire au Ch\u00e2teau de Versailles, un projet de m\u00e9c\u00e9nat pour le Palais des Beaux-Arts de Lille, ou encore un travail pour Eurocities.\u00a0\u00bb<\/p>\n<\/blockquote>\n\n\n\n<blockquote class=\"wp-block-quote is-layout-flow wp-block-quote-is-layout-flow\">\n<p>\u00ab\u00a0Nous avons \u00e9galement pu faire la rencontre de nombreux professionnels et professionnelles du milieu, ce qui nous aide \u00e0 appr\u00e9hender la diversit\u00e9 des m\u00e9tiers du domaine culturel, et nous permet d&rsquo;acqu\u00e9rir une bonne connaissance du tissu culturel de la r\u00e9gion.\u00a0\u00bb<\/p>\n<\/blockquote>\n\n\n\n<blockquote class=\"wp-block-quote is-layout-flow wp-block-quote-is-layout-flow\">\n<p>\u00ab\u00a0En particulier, l&rsquo;apprentissage en cinqui\u00e8me ann\u00e9e constitue une r\u00e9elle opportunit\u00e9, car elle permet de se professionnaliser, en mettant en pratique la th\u00e9orie et les connaissances apprises durant la quatri\u00e8me ann\u00e9e.\u00a0\u00bb<\/p>\n<\/blockquote>\n\n\n\n<blockquote class=\"wp-block-quote is-layout-flow wp-block-quote-is-layout-flow\">\n<p>\u00ab\u00a0Nous sommes tr\u00e8s bien encadr\u00e9s car la directrice du master est tr\u00e8s investie pour ses \u00e9tudiants et \u00e9tudiantes. Elle est tr\u00e8s \u00e0 l&rsquo;\u00e9coute et nous aide \u00e9norm\u00e9ment dans notre recherche d&rsquo;alternance, ainsi que dans la d\u00e9finition de notre projet professionnel futur.\u00a0\u00bb<\/p>\n<\/blockquote>\n\n\n\n<p><\/p>\n\n\n\n<p><\/p>\n\n\n\n<p style=\"font-size:18px\"><strong>Julien Houdusse, <\/strong>\u00e9tudiant en fili\u00e8re g\u00e9n\u00e9rale, promotion 2024 (Gis\u00e8le Halimi)<\/p>\n\n\n\n<blockquote class=\"wp-block-quote is-layout-flow wp-block-quote-is-layout-flow\">\n<p>\u00ab\u00a0Engag\u00e9 dans la vie associative culturelle de l\u2019IEP durant mon premier cycle, j\u2019ai eu la chance de r\u00e9aliser une s\u00e9rie de stages, en production d\u2019exposition, en maison de ventes et dans un th\u00e9\u00e2tre priv\u00e9. J\u2019ai confirm\u00e9 mon envie de m\u2019orienter vers le secteur culturel durant ma troisi\u00e8me ann\u00e9e de licence, r\u00e9alis\u00e9e en mobilit\u00e9 Erasmus. Les cours que j\u2019ai pu suivre ainsi que ma curiosit\u00e9 pour la sc\u00e8ne artistique istanbuliote m\u2019ont confirm\u00e9 mon envie de me diriger vers la majeure MIC pour la suite de mes \u00e9tudes\u00a0\u00bb<\/p>\n<\/blockquote>\n\n\n\n<blockquote class=\"wp-block-quote is-layout-flow wp-block-quote-is-layout-flow\">\n<p>\u00ab\u00a0L\u2019un des aspects les plus marquants de la majeure MIC est le nombre et la diversit\u00e9 des rencontres qui nourrissent des int\u00e9r\u00eats multiples pour toutes les expressions artistiques. Bien que cette majeure forme plut\u00f4t aux m\u00e9tiers d\u2019interm\u00e9diaires de la culture, j\u2019ai \u00e9t\u00e9 en permanence nourri par une curiosit\u00e9 pour la cr\u00e9ation artistique et les manifestations culturelles environnantes, que ce soit par les professeur\u00b7es, les intervenant\u00b7es ou par les autres \u00e9tudiant\u00b7es. C\u2019est aussi une mani\u00e8re d\u2019aiguiser un regard critique sur les enjeux de nos soci\u00e9t\u00e9s contemporaines et sur les mutations qui traversent le monde de la culture.\u00a0\u00bb<\/p>\n<\/blockquote>\n\n\n\n<blockquote class=\"wp-block-quote is-layout-flow wp-block-quote-is-layout-flow\">\n<p>\u00ab\u00a0Une force de cette formation est d\u2019apporter une assise th\u00e9orique dans les disciplines des sciences humaines et sociales, appliqu\u00e9es aux enjeux de la cr\u00e9ation artistique et des pratiques culturelles. Au fur et \u00e0 mesure du cursus, les cours tendent \u00e0 aller vers une forme de professionnalisation, avec davantage d\u2019intervenant\u00b7es ext\u00e9rieur\u00b7es qui ont le m\u00e9rite de livrer un r\u00e9cit \u00e0 la fois enthousiaste et franc de leurs m\u00e9tiers. Cette connection avec les professionnel\u00b7les de la culture permet d\u2019engager les \u00e9tudiant\u00b7es de MIC dans des projets en partenariat avec des \u00e9quipements culturels d\u2019envergure, notamment pour ma part avec l\u2019Op\u00e9ra de Lille et le Ch\u00e2teau de Versailles.\u00a0\u00bb<\/p>\n<\/blockquote>\n\n\n\n<p><\/p>\n\n\n\n<p><\/p>\n\n\n\n<p style=\"font-size:18px\"><strong>Coline Massing Winter<\/strong>, \u00e9tudiante en  fili\u00e8re g\u00e9n\u00e9rale, promotion 2021 (Nina Simone)<\/p>\n\n\n\n<blockquote class=\"wp-block-quote is-layout-flow wp-block-quote-is-layout-flow\">\n<p>\u00ab\u00a0J&rsquo;ai su avant mon entr\u00e9e \u00e0 Sciences Po Lille que je souhaitais travailler dans le domaine culturel. J&rsquo;ai choisi Lille et non un autre IEP parce que, pour moi, <strong>l&rsquo;alternance apporte un vrai \u00ab\u00a0plus\u00a0\u00bb dans notre formation<\/strong>.\u00a0\u00bb<\/p>\n<\/blockquote>\n\n\n\n<blockquote class=\"wp-block-quote is-layout-flow wp-block-quote-is-layout-flow\">\n<p>\u00ab\u00a0Cette majeure a un vrai aspect professionnalisant que je trouve essentiel. Nous avons des cours dispens\u00e9s par des professionnels et professionnelles du milieu culturel. Ces cours nous permettent d&rsquo;avoir une approche technique et non seulement th\u00e9orique des probl\u00e9matiques de ce milieu. De plus, nous sommes <strong>tr\u00e8s bien accompagn\u00e9s \u00e0 cette professionnalisation par la directrice de la majeure<\/strong> tant dans la d\u00e9finition de notre projet professionnel que dans notre recherche d&rsquo;apprentissage par exemple.\u00a0\u00bb<\/p>\n<\/blockquote>\n\n\n\n<blockquote class=\"wp-block-quote is-layout-flow wp-block-quote-is-layout-flow\">\n<p>\u00ab\u00a0Cette formation m&rsquo;apporte <strong>les connaissances et les savoir-faire essentiels au monde culturel<\/strong>. De plus, par le biais de l&rsquo;alternance, elle m&rsquo;offre la possibilit\u00e9 de d\u00e9finir clairement mes envies et mes objectifs professionnels.\u00a0\u00bb<\/p>\n<\/blockquote>\n\n\n\n<hr class=\"wp-block-separator has-text-color has-css-opacity has-background is-style-wide\" style=\"background-color:#e6e6e6;color:#e6e6e6\"\/>\n\n\n\n<div style=\"height:30px\" aria-hidden=\"true\" class=\"wp-block-spacer\"><\/div>\n\n\n\n<p style=\"font-size:18px\"><strong>No\u00e9mie Robin<\/strong>, \u00e9tudiante en fili\u00e8re g\u00e9n\u00e9rale, promotion 2021 (Nina Simone)<\/p>\n\n\n\n<blockquote class=\"wp-block-quote is-layout-flow wp-block-quote-is-layout-flow\">\n<p>\u00ab\u00a0Je souhaite travailler dans la culture et dans mon cas, plus sp\u00e9cifiquement dans le <strong>spectacle vivant<\/strong> et cette majeure nous pr\u00e9pare \u00e0 <strong>nous ins\u00e9rer dans le milieu culturel<\/strong>. Ensuite, c&rsquo;est une majeure en <strong>apprentissage, ce qui est une super opportunit\u00e9 <\/strong>! Cela permet de gagner en comp\u00e9tences professionnalisantes, ce qui facilite l&rsquo;insertion professionnelle par la suite, et en m\u00eame temps de d\u00e9couvrir plus concr\u00e8tement les m\u00e9tiers, ce que l&rsquo;on aime et aime moins et le tout dans la dur\u00e9e avec des contrats longs !\u00a0\u00bb<\/p>\n<\/blockquote>\n\n\n\n<blockquote class=\"wp-block-quote is-layout-flow wp-block-quote-is-layout-flow\">\n<p>\u00ab\u00a0Cette majeure est tr\u00e8s professionnalisante, aussi bien gr\u00e2ce \u00e0 l&rsquo;apprentissage que je viens d&rsquo;\u00e9voquer mais \u00e9galement par les cours qu&rsquo;elles d\u00e9livrent et qui sont pour la plupart tr\u00e8s pratiques. On rencontre \u00e9galement <strong>beaucoup de professionnels et professionnelles du milieu culturel ce qui nous permet de d\u00e9couvrir les diff\u00e9rents m\u00e9tiers possibles et de pouvoir \u00e9changer avec des pros<\/strong> (et peut-\u00eatre futurs coll\u00e8gues, qui sait ?). Elle est aussi riche car elle nous propose une ouverture sur les diff\u00e9rents secteurs de la culture : le spectacle vivant, le patrimoine, les arts visuels ou encore les musiques actuelles&#8230; Il y en a pour tous les go\u00fbts ! Et pour compl\u00e9ter les cours, il y a \u00e9galement des sorties, pour aller voir des spectacles ou expositions, visiter des infrastructures culturelles et rencontrer des pro&#8230; Bref, on ne s&rsquo;ennuie pas en MIC !\u00a0\u00bb<\/p>\n<\/blockquote>\n\n\n\n<blockquote class=\"wp-block-quote is-layout-flow wp-block-quote-is-layout-flow\">\n<p>\u00ab\u00a0Cette formation m&rsquo;a apport\u00e9 une connaissance globale du secteur culturel, de son fonctionnement mais aussi des connaissances plus sp\u00e9cifiques \u00e0 certains domaines. Elle a entretenu et d\u00e9velopp\u00e9 ma <strong>curiosit\u00e9 pour les diff\u00e9rents secteurs culturels me donnant l&rsquo;envie d&rsquo;en d\u00e9couvrir toujours plus<\/strong>. Elle m&rsquo;a apport\u00e9 des connaissances th\u00e9oriques mais aussi pratiques me permettant de m&rsquo;ins\u00e9rer plus rapidement dans le milieu professionnel (des connaissances de gestion budg\u00e9taire, de communication ou de pilotage de projet par exemple). Elle m&rsquo;a aussi permis de faire de <strong>belles rencontres<\/strong> \u00e0 la fois professionnelles mais aussi amicales parce que nous sommes un petit effectif \u00e0 la fois propice au travail mais aussi \u00e0 la cr\u00e9ation et au renforcement de liens.\u00a0\u00bb<\/p>\n<\/blockquote>\n\n\n\n<hr class=\"wp-block-separator has-text-color has-css-opacity has-background is-style-wide\" style=\"background-color:#e6e6e6;color:#e6e6e6\"\/>\n\n\n\n<div style=\"height:30px\" aria-hidden=\"true\" class=\"wp-block-spacer\"><\/div>\n\n\n\n<p style=\"font-size:18px\"><strong>Thomas P\u00e9rocheau<\/strong>, \u00e9tudiant en fili\u00e8re g\u00e9n\u00e9rale, promotion 2022 (Alan Turing)<\/p>\n\n\n\n<blockquote class=\"wp-block-quote is-layout-flow wp-block-quote-is-layout-flow\">\n<p>\u00ab\u00a0Pour \u00eatre honn\u00eate, Management des Institutions Culturelles (MIC) n&rsquo;\u00e9tait pas la raison pour laquelle je suis venu \u00e0 Sciences Po Lille. Il y a 4 ans quand j&rsquo;ai int\u00e9gr\u00e9 L&rsquo;IEP en 1ere ann\u00e9e j&rsquo;avais en t\u00eate de tenter le concours pour int\u00e9grer le double-dipl\u00f4me Sciences Po Lille\/Ecole Sup\u00e9rieure de Journalisme. Au fil des ann\u00e9es j&rsquo;ai nourri cet objectif tout en m&rsquo;investissant dans diverses associations de l&rsquo;\u00e9cole. Finalement, mon stage de 3\u00e8me ann\u00e9e \u00e0 l&rsquo;\u00e9tranger dans une radio Tch\u00e8que m&rsquo;a beaucoup plu mais ne m&rsquo;a pas apport\u00e9 le d\u00e9clic attendu. Si bien que lorsque Sciences Po Lille nous a demand\u00e9 de formuler nos v\u0153ux de Master (obligatoire en parall\u00e8le de la pr\u00e9paration du concours ESJ), les autres voies se sont pr\u00e9sent\u00e9es \u00e0 moi comme de vraies options et non pas seulement des portes de secours en cas d&rsquo;\u00e9chec au concours. Jusqu&rsquo;alors je ne m&rsquo;\u00e9tais pas int\u00e9ress\u00e9 ou tr\u00e8s peu aux maquettes des autres masters que celui de journalisme (ne faites pas comme moi !). Pourtant, en regardant de plus pr\u00e8s (2 mois seulement avant le rendu des v\u0153ux, il \u00e9tait temps) une formation \u00e0 retenu toute mon attention (je vous le donne en mille) : MIC.\u00a0\u00bb<\/p>\n<\/blockquote>\n\n\n\n<blockquote class=\"wp-block-quote is-layout-flow wp-block-quote-is-layout-flow\">\n<p>\u00ab\u00a0Les enseignements propos\u00e9s, \u00e0 la fois applicables \u00e0 la vie professionnelle et permettant d&rsquo;acqu\u00e9rir une bonne culture g\u00e9n\u00e9rale sur le monde de la culture, allant de l&rsquo;histoire de l&rsquo;art \u00e0 l&rsquo;\u00e9conomie en passant par le droit de la propri\u00e9t\u00e9 intellectuelle, m&rsquo;ont donn\u00e9 la sensation que c&rsquo;\u00e9tait ce que je souhaitais faire depuis le d\u00e9but.\u00a0\u00bb<\/p>\n<\/blockquote>\n\n\n\n<blockquote class=\"wp-block-quote is-layout-flow wp-block-quote-is-layout-flow\">\n<p>\u00ab\u00a0Ce qui me plaisait aussi et surtout, c&rsquo;\u00e9tait l&rsquo;ann\u00e9e en alternance, opportunit\u00e9 non n\u00e9gligeable pour le march\u00e9 des emplois culturels r\u00e9put\u00e9 tendu. B\u00e9n\u00e9ficier d&rsquo;une ann\u00e9e d&rsquo;enseignement en ayant d\u00e9j\u00e0 un pied dans le monde du travail en parall\u00e8le est un vrai plus qui nous donne un avantage certain pour la suite (travail, poursuite d&rsquo;\u00e9tudes, etc). Finalement, je m&rsquo;offrais \u00e9galement l&rsquo;opportunit\u00e9 de continuer dans le journalisme culturel si l&rsquo;envie m&rsquo;en venait.\u00a0\u00bb<\/p>\n<\/blockquote>\n\n\n\n<blockquote class=\"wp-block-quote is-layout-flow wp-block-quote-is-layout-flow\">\n<p>\u00ab\u00a0Et c&rsquo;est en constituant mon dossier que cette hypoth\u00e8se du Master MIC s&rsquo;est confirm\u00e9e. Sans m&rsquo;en rendre compte (rien n&rsquo;est du au hasard me diriez vous) je m&rsquo;\u00e9tais constitu\u00e9 un profil orient\u00e9 culture par mes diff\u00e9rents engagements associatifs. J&rsquo;ai en effet pu mettre \u00e0 profit mes plusieurs ann\u00e9es de pratique du th\u00e9\u00e2tre en amateur, ma participation au Bureau des Arts de Sciences Po Lille ou encore en contribuant \u00e0 l&rsquo;organisation d&rsquo;un festival artistique inter-IEP \u00e0 Lille. Tout semblait s&rsquo;aligner et je trouvais dans MIC ce que j&rsquo;avais toujours appr\u00e9ci\u00e9 faire, voir, apprendre depuis des ann\u00e9es.\u00a0\u00bb<\/p>\n<\/blockquote>\n\n\n\n<blockquote class=\"wp-block-quote is-layout-flow wp-block-quote-is-layout-flow\">\n<p>\u00ab\u00a0Je n&rsquo;ai pas \u00e9t\u00e9 d\u00e9\u00e7u ! Si vous rejoignez MIC, vous aurez la chance d&rsquo;int\u00e9grer une promotion \u00e0 taille humaine (environ 20 \u00e9tudiants) ce qui nous a permis de cr\u00e9er une v\u00e9ritable vie de classe m\u00eame en temps de Covid.\u00a0\u00bb<\/p>\n\n\n\n<p>\u00ab\u00a0Que tu sois \u00e9tudiant.e depuis la 1ere, 2\u00e8me ann\u00e9e o\u00f9 entr\u00e9.e en Master 1 tu trouveras forc\u00e9ment ta place ! Et c&rsquo;est sans compter sur l&rsquo;accueil et l&rsquo;enseignement toujours bienveillant des profs (pour une grande partie professionnel.les de la culture) qui sont aux petits soins.\u00a0\u00bb<\/p>\n<\/blockquote>\n\n\n\n<hr class=\"wp-block-separator has-text-color has-css-opacity has-background is-style-wide\" style=\"background-color:#e6e6e6;color:#e6e6e6\"\/>\n\n\n\n<div style=\"height:30px\" aria-hidden=\"true\" class=\"wp-block-spacer\"><\/div>\n\n\n\n<p style=\"font-size:18px\"><strong>Ugo P\u00e9r\u00e9ault<\/strong>, \u00e9tudiant en fili\u00e8re g\u00e9n\u00e9rale, promotion 2022 (Alan Turing)<\/p>\n\n\n\n<blockquote class=\"wp-block-quote is-layout-flow wp-block-quote-is-layout-flow\">\n<p>\u00ab\u00a0Alors que je m\u2019orientais vers un tout autre domaine lors de mon entr\u00e9e \u00e0 Sciences Po Lille, la vie associative au sein de l\u2019IEP m\u2019a fait prendre conscience de mon attrait pour le domaine culturel. Avec l\u2019organisation de l\u2019\u00e9dition d\u2019Artefact \u00e0 Lille en tant que vice-pr\u00e9sident et les diff\u00e9rents \u00e9v\u00e9nements qui ont rythm\u00e9 les deux premi\u00e8res ann\u00e9es, j\u2019ai peu \u00e0 peu pris go\u00fbt pour les m\u00e9tiers de la culture sous toutes ses formes. J\u2019ai donc peu \u00e0 peu construit un projet alliant passion et parcours professionnalisant, m\u2019orientant de ce fait vers le master MIC.\u00a0\u00bb<\/p>\n<\/blockquote>\n\n\n\n<blockquote class=\"wp-block-quote is-layout-flow wp-block-quote-is-layout-flow\">\n<p>\u00ab\u00a0Pas de d\u00e9ception apr\u00e8s mon retour d\u2019ann\u00e9e de mobilit\u00e9. Bien qu\u2019en partie th\u00e9oriques, les enseignements (assur\u00e9s pour la plupart par des professionnels de la culture) apportent une v\u00e9ritable dimension technique dans des domaines vari\u00e9s (spectacle vivant, audiovisuel, musique, etc.).\u00a0\u00bb<\/p>\n<\/blockquote>\n\n\n\n<blockquote class=\"wp-block-quote is-layout-flow wp-block-quote-is-layout-flow\">\n<p>\u00ab\u00a0Le semestre est rythm\u00e9 ponctuellement par des rencontres, des sorties et des repr\u00e9sentations artistiques nous amenant \u00e0 rencontrer des professionnels : autant de fa\u00e7on de rendre palpable notre approche de la culture. La multitude des projets professionnels des \u00e9l\u00e8ves de la classe nourrit plus g\u00e9n\u00e9ralement une atmosph\u00e8re positive d\u2019\u00e9change, permettant de consolider mutuellement nos connaissances de l\u2019\u00e9cosyst\u00e8me culturel tout en affinant nos orientations respectives.\u00a0\u00bb<\/p>\n<\/blockquote>\n\n\n\n<blockquote class=\"wp-block-quote is-layout-flow wp-block-quote-is-layout-flow\">\n<p>\u00ab\u00a0Enfin, impossible de parler de l\u2019exp\u00e9rience en MIC sans parler de l\u2019alternance. La deuxi\u00e8me ann\u00e9e permet de conna\u00eetre une v\u00e9ritable exp\u00e9rience dans le monde de la culture. Pas de panique, elle est pr\u00e9par\u00e9e tout au long de l\u2019ann\u00e9e dans le cadre d\u2019ateliers professionnels, avec un v\u00e9ritable suivi de la part de l\u2019\u00e9quipe p\u00e9dagogique pour nous permettre de trouver l\u2019organisme d\u2019accueil qui saura nous correspondre au mieux.\u00a0\u00bb<\/p>\n<\/blockquote>\n\n\n\n<hr class=\"wp-block-separator has-text-color has-css-opacity has-background is-style-wide\" style=\"background-color:#e6e6e6;color:#e6e6e6\"\/>\n\n\n\n<div style=\"height:30px\" aria-hidden=\"true\" class=\"wp-block-spacer\"><\/div>\n\n\n\n<p style=\"font-size:18px\"><strong>Nora Muletier<\/strong>, \u00e9tudiante en fili\u00e8re g\u00e9n\u00e9rale, promotion 2022 (Alan Turing)<\/p>\n\n\n\n<blockquote class=\"wp-block-quote is-layout-flow wp-block-quote-is-layout-flow\">\n<p>\u00ab\u00a0J\u2019ai rejoint la majeure Management des Institutions Culturelles en 4e ann\u00e9e, apr\u00e8s deux (longues !) ann\u00e9es d\u2019enseignements g\u00e9n\u00e9raux (mais essentiels !) \u00e0 Sciences Po Lille. Cet IEP s\u2019\u00e9tait impos\u00e9 comme une \u00e9vidence justement gr\u00e2ce \u00e0 ce master, et l\u2019opportunit\u00e9 de le r\u00e9aliser en alternance en 5e ann\u00e9e.\u00a0\u00bb<\/p>\n<\/blockquote>\n\n\n\n<blockquote class=\"wp-block-quote is-layout-flow wp-block-quote-is-layout-flow\">\n<p>\u00ab\u00a0Entrer en MIC a \u00e9t\u00e9 pour moi le moyen de donner corps dans mon parcours universitaire \u00e0 une passion pr\u00e9existante pour la culture. Des enseignements \u00e0 la fois th\u00e9oriques et professionnalisant nous sont dispens\u00e9s, mettant en lumi\u00e8re les enjeux contemporains inh\u00e9rents et transversaux \u00e0 ce secteur d\u2019activit\u00e9.\u00a0\u00bb<\/p>\n<\/blockquote>\n\n\n\n<blockquote class=\"wp-block-quote is-layout-flow wp-block-quote-is-layout-flow\">\n<p>\u00ab\u00a0De m\u00eame, tout est mis en \u0153uvre pour que cette passion, grandement partag\u00e9e, ainsi que ce parcours universitaire se concr\u00e9tise professionnellement. Je suis convaincue que notre directrice de master, le lien privil\u00e9gi\u00e9 que nous conservons avec les alumnis, les nombreuses interventions des professionnel.le.s de la culture, l\u2019apprentissage en alternance, tout comme la dynamique de classe, nous donnent toutes les clefs pour nous ins\u00e9rer dans la vie active. A nous d\u2019en faire bon usage !\u00a0\u00bb<\/p>\n<\/blockquote>\n","protected":false},"excerpt":{"rendered":"<p>Sixtine Catrice, \u00e9tudiante en fili\u00e8re g\u00e9n\u00e9rale, promotion 2024 (Gis\u00e8le Halimi) \u00ab\u00a0Mes deux ann\u00e9es pass\u00e9es au sein du master MIC ont \u00e9t\u00e9 particuli\u00e8rement enrichissantes et \u00e9panouissantes ! D&rsquo;abord parce que nous y avons suivi des cours vari\u00e9s portant sur les diff\u00e9rentes branches du secteur culturel. Ces cours sont dispens\u00e9s, pour la plupart, par des intervenants et [&hellip;]<\/p>\n","protected":false},"author":1,"featured_media":0,"parent":0,"menu_order":0,"comment_status":"closed","ping_status":"closed","template":"","meta":{"_seopress_robots_primary_cat":"","_seopress_titles_title":"","_seopress_titles_desc":"","_seopress_robots_index":"","ocean_post_layout":"","ocean_both_sidebars_style":"","ocean_both_sidebars_content_width":0,"ocean_both_sidebars_sidebars_width":0,"ocean_sidebar":"0","ocean_second_sidebar":"0","ocean_disable_margins":"enable","ocean_add_body_class":"","ocean_shortcode_before_top_bar":"","ocean_shortcode_after_top_bar":"","ocean_shortcode_before_header":"","ocean_shortcode_after_header":"","ocean_has_shortcode":"","ocean_shortcode_after_title":"","ocean_shortcode_before_footer_widgets":"","ocean_shortcode_after_footer_widgets":"","ocean_shortcode_before_footer_bottom":"","ocean_shortcode_after_footer_bottom":"","ocean_display_top_bar":"default","ocean_display_header":"default","ocean_header_style":"","ocean_center_header_left_menu":"0","ocean_custom_header_template":"0","ocean_custom_logo":0,"ocean_custom_retina_logo":0,"ocean_custom_logo_max_width":0,"ocean_custom_logo_tablet_max_width":0,"ocean_custom_logo_mobile_max_width":0,"ocean_custom_logo_max_height":0,"ocean_custom_logo_tablet_max_height":0,"ocean_custom_logo_mobile_max_height":0,"ocean_header_custom_menu":"0","ocean_menu_typo_font_family":"0","ocean_menu_typo_font_subset":"","ocean_menu_typo_font_size":0,"ocean_menu_typo_font_size_tablet":0,"ocean_menu_typo_font_size_mobile":0,"ocean_menu_typo_font_size_unit":"px","ocean_menu_typo_font_weight":"","ocean_menu_typo_font_weight_tablet":"","ocean_menu_typo_font_weight_mobile":"","ocean_menu_typo_transform":"","ocean_menu_typo_transform_tablet":"","ocean_menu_typo_transform_mobile":"","ocean_menu_typo_line_height":0,"ocean_menu_typo_line_height_tablet":0,"ocean_menu_typo_line_height_mobile":0,"ocean_menu_typo_line_height_unit":"","ocean_menu_typo_spacing":0,"ocean_menu_typo_spacing_tablet":0,"ocean_menu_typo_spacing_mobile":0,"ocean_menu_typo_spacing_unit":"","ocean_menu_link_color":"","ocean_menu_link_color_hover":"","ocean_menu_link_color_active":"","ocean_menu_link_background":"","ocean_menu_link_hover_background":"","ocean_menu_link_active_background":"","ocean_menu_social_links_bg":"","ocean_menu_social_hover_links_bg":"","ocean_menu_social_links_color":"","ocean_menu_social_hover_links_color":"","ocean_disable_title":"default","ocean_disable_heading":"default","ocean_post_title":"","ocean_post_subheading":"","ocean_post_title_style":"","ocean_post_title_background_color":"","ocean_post_title_background":0,"ocean_post_title_bg_image_position":"","ocean_post_title_bg_image_attachment":"","ocean_post_title_bg_image_repeat":"","ocean_post_title_bg_image_size":"","ocean_post_title_height":0,"ocean_post_title_bg_overlay":0.5,"ocean_post_title_bg_overlay_color":"","ocean_disable_breadcrumbs":"default","ocean_breadcrumbs_color":"","ocean_breadcrumbs_separator_color":"","ocean_breadcrumbs_links_color":"","ocean_breadcrumbs_links_hover_color":"","ocean_display_footer_widgets":"default","ocean_display_footer_bottom":"default","ocean_custom_footer_template":"0","footnotes":""},"class_list":["post-45","page","type-page","status-publish","hentry","entry"],"_links":{"self":[{"href":"https:\/\/mic.sciencespo-lille.eu\/index.php\/wp-json\/wp\/v2\/pages\/45","targetHints":{"allow":["GET"]}}],"collection":[{"href":"https:\/\/mic.sciencespo-lille.eu\/index.php\/wp-json\/wp\/v2\/pages"}],"about":[{"href":"https:\/\/mic.sciencespo-lille.eu\/index.php\/wp-json\/wp\/v2\/types\/page"}],"author":[{"embeddable":true,"href":"https:\/\/mic.sciencespo-lille.eu\/index.php\/wp-json\/wp\/v2\/users\/1"}],"replies":[{"embeddable":true,"href":"https:\/\/mic.sciencespo-lille.eu\/index.php\/wp-json\/wp\/v2\/comments?post=45"}],"version-history":[{"count":26,"href":"https:\/\/mic.sciencespo-lille.eu\/index.php\/wp-json\/wp\/v2\/pages\/45\/revisions"}],"predecessor-version":[{"id":675,"href":"https:\/\/mic.sciencespo-lille.eu\/index.php\/wp-json\/wp\/v2\/pages\/45\/revisions\/675"}],"wp:attachment":[{"href":"https:\/\/mic.sciencespo-lille.eu\/index.php\/wp-json\/wp\/v2\/media?parent=45"}],"curies":[{"name":"wp","href":"https:\/\/api.w.org\/{rel}","templated":true}]}}